{"id":157,"date":"2012-12-25T21:46:03","date_gmt":"2012-12-25T20:46:03","guid":{"rendered":"http:\/\/www.huetti.de\/Kerspenhausen\/?page_id=157"},"modified":"2026-04-19T20:18:57","modified_gmt":"2026-04-19T19:18:57","slug":"im-sommer","status":"publish","type":"page","link":"https:\/\/www.h\u00fctti.de\/Kerspenhausen\/landschaft\/im-sommer\/","title":{"rendered":"Im Sommer"},"content":{"rendered":"<p style=\"text-align: center;\">Auch hier gibt es ein paar alte und neuere Fotos zu sehen.<\/p>\n<\/p>\n\n\n<div class=\"wp-block-jetpack-tiled-gallery aligncenter is-style-rectangular\"><div class=\"\"><div class=\"tiled-gallery__gallery\"><div class=\"tiled-gallery__row\"><div class=\"tiled-gallery__col\" style=\"flex-basis:66.81970%\"><figure class=\"tiled-gallery__item\"><img decoding=\"async\" data-attachment-id=\"4196\" data-permalink=\"https:\/\/www.h\u00fctti.de\/Kerspenhausen\/landschaft\/im-sommer\/img_3080-2\/\" data-orig-file=\"https:\/\/i0.wp.com\/www.h\u00fctti.de\/Kerspenhausen\/wp-content\/uploads\/2019\/01\/IMG_3080.jpg?fit=600%2C400&amp;ssl=1\" data-orig-size=\"600,400\" data-comments-opened=\"0\" data-image-meta=\"{&quot;aperture&quot;:&quot;5.6&quot;,&quot;credit&quot;:&quot;&quot;,&quot;camera&quot;:&quot;Canon EOS 1100D&quot;,&quot;caption&quot;:&quot;&quot;,&quot;created_timestamp&quot;:&quot;1398274698&quot;,&quot;copyright&quot;:&quot;&quot;,&quot;focal_length&quot;:&quot;62&quot;,&quot;iso&quot;:&quot;640&quot;,&quot;shutter_speed&quot;:&quot;0.00125&quot;,&quot;title&quot;:&quot;&quot;,&quot;orientation&quot;:&quot;1&quot;}\" data-image-title=\"IMG_3080\" data-image-description=\"\" data-image-caption=\"\" data-large-file=\"https:\/\/i0.wp.com\/www.h\u00fctti.de\/Kerspenhausen\/wp-content\/uploads\/2019\/01\/IMG_3080.jpg?fit=584%2C389&amp;ssl=1\" role=\"button\" tabindex=\"0\" aria-label=\"Bild\u00a01 von 16 im Vollbildmodus \u00f6ffnen\" srcset=\"https:\/\/i0.wp.com\/www.xn--htti-0ra.de\/Kerspenhausen\/wp-content\/uploads\/2019\/01\/IMG_3080.jpg?strip=info&#038;w=600&#038;ssl=1 600w\" alt=\"\" data-height=\"400\" data-id=\"4196\" data-link=\"https:\/\/www.h\u00fctti.de\/Kerspenhausen\/landschaft\/im-sommer\/img_3080-2\/\" data-url=\"https:\/\/www.h\u00fctti.de\/Kerspenhausen\/wp-content\/uploads\/2019\/01\/IMG_3080.jpg\" data-width=\"600\" src=\"https:\/\/i0.wp.com\/www.xn--htti-0ra.de\/Kerspenhausen\/wp-content\/uploads\/2019\/01\/IMG_3080.jpg?ssl=1\" data-amp-layout=\"responsive\"\/><\/figure><\/div><div class=\"tiled-gallery__col\" style=\"flex-basis:33.18030%\"><figure class=\"tiled-gallery__item\"><img decoding=\"async\" data-attachment-id=\"4191\" data-permalink=\"https:\/\/www.h\u00fctti.de\/Kerspenhausen\/landschaft\/im-sommer\/img_2271-2\/\" data-orig-file=\"https:\/\/i0.wp.com\/www.h\u00fctti.de\/Kerspenhausen\/wp-content\/uploads\/2019\/01\/IMG_2271.jpg?fit=600%2C400&amp;ssl=1\" data-orig-size=\"600,400\" data-comments-opened=\"0\" data-image-meta=\"{&quot;aperture&quot;:&quot;0&quot;,&quot;credit&quot;:&quot;&quot;,&quot;camera&quot;:&quot;Canon EOS 1100D&quot;,&quot;caption&quot;:&quot;&quot;,&quot;created_timestamp&quot;:&quot;1396341810&quot;,&quot;copyright&quot;:&quot;&quot;,&quot;focal_length&quot;:&quot;50&quot;,&quot;iso&quot;:&quot;1600&quot;,&quot;shutter_speed&quot;:&quot;0.0015625&quot;,&quot;title&quot;:&quot;&quot;,&quot;orientation&quot;:&quot;1&quot;}\" data-image-title=\"IMG_2271\" data-image-description=\"\" data-image-caption=\"\" data-large-file=\"https:\/\/i0.wp.com\/www.h\u00fctti.de\/Kerspenhausen\/wp-content\/uploads\/2019\/01\/IMG_2271.jpg?fit=584%2C389&amp;ssl=1\" role=\"button\" tabindex=\"0\" aria-label=\"Bild\u00a02 von 16 im Vollbildmodus \u00f6ffnen\" srcset=\"https:\/\/i0.wp.com\/www.xn--htti-0ra.de\/Kerspenhausen\/wp-content\/uploads\/2019\/01\/IMG_2271.jpg?strip=info&#038;w=600&#038;ssl=1 600w\" alt=\"\" data-height=\"400\" data-id=\"4191\" data-link=\"https:\/\/www.h\u00fctti.de\/Kerspenhausen\/landschaft\/im-sommer\/img_2271-2\/\" data-url=\"https:\/\/www.h\u00fctti.de\/Kerspenhausen\/wp-content\/uploads\/2019\/01\/IMG_2271.jpg\" data-width=\"600\" src=\"https:\/\/i0.wp.com\/www.xn--htti-0ra.de\/Kerspenhausen\/wp-content\/uploads\/2019\/01\/IMG_2271.jpg?ssl=1\" data-amp-layout=\"responsive\"\/><\/figure><figure class=\"tiled-gallery__item\"><img decoding=\"async\" data-attachment-id=\"4188\" data-permalink=\"https:\/\/www.h\u00fctti.de\/Kerspenhausen\/landschaft\/im-sommer\/img_8404\/\" data-orig-file=\"https:\/\/i0.wp.com\/www.h\u00fctti.de\/Kerspenhausen\/wp-content\/uploads\/2019\/01\/IMG_8404.jpg?fit=3088%2C2056&amp;ssl=1\" data-orig-size=\"3088,2056\" data-comments-opened=\"0\" data-image-meta=\"{&quot;aperture&quot;:&quot;8&quot;,&quot;credit&quot;:&quot;&quot;,&quot;camera&quot;:&quot;Canon EOS 1100D&quot;,&quot;caption&quot;:&quot;&quot;,&quot;created_timestamp&quot;:&quot;1373194061&quot;,&quot;copyright&quot;:&quot;&quot;,&quot;focal_length&quot;:&quot;150&quot;,&quot;iso&quot;:&quot;100&quot;,&quot;shutter_speed&quot;:&quot;0.0015625&quot;,&quot;title&quot;:&quot;&quot;,&quot;orientation&quot;:&quot;1&quot;}\" data-image-title=\"IMG_8404\" data-image-description=\"\" data-image-caption=\"\" data-large-file=\"https:\/\/i0.wp.com\/www.h\u00fctti.de\/Kerspenhausen\/wp-content\/uploads\/2019\/01\/IMG_8404.jpg?fit=584%2C389&amp;ssl=1\" role=\"button\" tabindex=\"0\" aria-label=\"Bild\u00a03 von 16 im Vollbildmodus \u00f6ffnen\" srcset=\"https:\/\/i0.wp.com\/www.xn--htti-0ra.de\/Kerspenhausen\/wp-content\/uploads\/2019\/01\/IMG_8404-1024x682.jpg?strip=info&#038;w=600&#038;ssl=1 600w,https:\/\/i0.wp.com\/www.xn--htti-0ra.de\/Kerspenhausen\/wp-content\/uploads\/2019\/01\/IMG_8404-1024x682.jpg?strip=info&#038;w=900&#038;ssl=1 900w,https:\/\/i0.wp.com\/www.xn--htti-0ra.de\/Kerspenhausen\/wp-content\/uploads\/2019\/01\/IMG_8404-1024x682.jpg?strip=info&#038;w=1024&#038;ssl=1 1024w\" alt=\"\" data-height=\"2056\" data-id=\"4188\" data-link=\"https:\/\/www.h\u00fctti.de\/Kerspenhausen\/landschaft\/im-sommer\/img_8404\/\" data-url=\"https:\/\/www.h\u00fctti.de\/Kerspenhausen\/wp-content\/uploads\/2019\/01\/IMG_8404-1024x682.jpg\" data-width=\"3088\" src=\"https:\/\/i0.wp.com\/www.xn--htti-0ra.de\/Kerspenhausen\/wp-content\/uploads\/2019\/01\/IMG_8404-1024x682.jpg?ssl=1\" data-amp-layout=\"responsive\"\/><\/figure><\/div><\/div><div class=\"tiled-gallery__row\"><div class=\"tiled-gallery__col\" style=\"flex-basis:33.33333%\"><figure class=\"tiled-gallery__item\"><img decoding=\"async\" data-attachment-id=\"4189\" data-permalink=\"https:\/\/www.h\u00fctti.de\/Kerspenhausen\/landschaft\/im-sommer\/tele-080\/\" data-orig-file=\"https:\/\/i0.wp.com\/www.h\u00fctti.de\/Kerspenhausen\/wp-content\/uploads\/2019\/01\/Tele-080.jpg?fit=600%2C400&amp;ssl=1\" data-orig-size=\"600,400\" data-comments-opened=\"0\" data-image-meta=\"{&quot;aperture&quot;:&quot;14&quot;,&quot;credit&quot;:&quot;&quot;,&quot;camera&quot;:&quot;Canon EOS 1100D&quot;,&quot;caption&quot;:&quot;&quot;,&quot;created_timestamp&quot;:&quot;1368467711&quot;,&quot;copyright&quot;:&quot;&quot;,&quot;focal_length&quot;:&quot;110&quot;,&quot;iso&quot;:&quot;3200&quot;,&quot;shutter_speed&quot;:&quot;0.0025&quot;,&quot;title&quot;:&quot;&quot;,&quot;orientation&quot;:&quot;1&quot;}\" data-image-title=\"Tele 080\" data-image-description=\"\" data-image-caption=\"\" data-large-file=\"https:\/\/i0.wp.com\/www.h\u00fctti.de\/Kerspenhausen\/wp-content\/uploads\/2019\/01\/Tele-080.jpg?fit=584%2C389&amp;ssl=1\" role=\"button\" tabindex=\"0\" aria-label=\"Bild\u00a04 von 16 im Vollbildmodus \u00f6ffnen\" srcset=\"https:\/\/i0.wp.com\/www.xn--htti-0ra.de\/Kerspenhausen\/wp-content\/uploads\/2019\/01\/Tele-080.jpg?strip=info&#038;w=600&#038;ssl=1 600w\" alt=\"\" data-height=\"400\" data-id=\"4189\" data-link=\"https:\/\/www.h\u00fctti.de\/Kerspenhausen\/landschaft\/im-sommer\/tele-080\/\" data-url=\"https:\/\/www.h\u00fctti.de\/Kerspenhausen\/wp-content\/uploads\/2019\/01\/Tele-080.jpg\" data-width=\"600\" src=\"https:\/\/i0.wp.com\/www.xn--htti-0ra.de\/Kerspenhausen\/wp-content\/uploads\/2019\/01\/Tele-080.jpg?ssl=1\" data-amp-layout=\"responsive\"\/><\/figure><\/div><div class=\"tiled-gallery__col\" style=\"flex-basis:33.33333%\"><figure class=\"tiled-gallery__item\"><img decoding=\"async\" data-attachment-id=\"4190\" data-permalink=\"https:\/\/www.h\u00fctti.de\/Kerspenhausen\/landschaft\/im-sommer\/baeume-ueber-loewenzahnwiese-img_3006\/\" data-orig-file=\"https:\/\/i0.wp.com\/www.h\u00fctti.de\/Kerspenhausen\/wp-content\/uploads\/2019\/01\/B%C3%A4ume-%C3%BCber-L%C3%B6wenzahnwiese-IMG_3006.jpg?fit=600%2C400&amp;ssl=1\" data-orig-size=\"600,400\" data-comments-opened=\"0\" data-image-meta=\"{&quot;aperture&quot;:&quot;10&quot;,&quot;credit&quot;:&quot;&quot;,&quot;camera&quot;:&quot;Canon EOS 1100D&quot;,&quot;caption&quot;:&quot;&quot;,&quot;created_timestamp&quot;:&quot;1398252215&quot;,&quot;copyright&quot;:&quot;&quot;,&quot;focal_length&quot;:&quot;61&quot;,&quot;iso&quot;:&quot;100&quot;,&quot;shutter_speed&quot;:&quot;0.00625&quot;,&quot;title&quot;:&quot;&quot;,&quot;orientation&quot;:&quot;1&quot;}\" data-image-title=\"B\u00e4ume \u00fcber L\u00f6wenzahnwiese IMG_3006\" data-image-description=\"\" data-image-caption=\"\" data-large-file=\"https:\/\/i0.wp.com\/www.h\u00fctti.de\/Kerspenhausen\/wp-content\/uploads\/2019\/01\/B%C3%A4ume-%C3%BCber-L%C3%B6wenzahnwiese-IMG_3006.jpg?fit=584%2C389&amp;ssl=1\" role=\"button\" tabindex=\"0\" aria-label=\"Bild\u00a05 von 16 im Vollbildmodus \u00f6ffnen\" srcset=\"https:\/\/i0.wp.com\/www.xn--htti-0ra.de\/Kerspenhausen\/wp-content\/uploads\/2019\/01\/B%C3%A4ume-%C3%BCber-L%C3%B6wenzahnwiese-IMG_3006.jpg?strip=info&#038;w=600&#038;ssl=1 600w\" alt=\"\" data-height=\"400\" data-id=\"4190\" data-link=\"https:\/\/www.h\u00fctti.de\/Kerspenhausen\/landschaft\/im-sommer\/baeume-ueber-loewenzahnwiese-img_3006\/\" data-url=\"https:\/\/www.h\u00fctti.de\/Kerspenhausen\/wp-content\/uploads\/2019\/01\/B\u00e4ume-\u00fcber-L\u00f6wenzahnwiese-IMG_3006.jpg\" data-width=\"600\" src=\"https:\/\/i0.wp.com\/www.xn--htti-0ra.de\/Kerspenhausen\/wp-content\/uploads\/2019\/01\/B%C3%A4ume-%C3%BCber-L%C3%B6wenzahnwiese-IMG_3006.jpg?ssl=1\" data-amp-layout=\"responsive\"\/><\/figure><\/div><div class=\"tiled-gallery__col\" style=\"flex-basis:33.33333%\"><figure class=\"tiled-gallery__item\"><img decoding=\"async\" data-attachment-id=\"4192\" data-permalink=\"https:\/\/www.h\u00fctti.de\/Kerspenhausen\/landschaft\/im-sommer\/img_2438-2\/\" data-orig-file=\"https:\/\/i0.wp.com\/www.h\u00fctti.de\/Kerspenhausen\/wp-content\/uploads\/2019\/01\/IMG_2438.jpg?fit=600%2C400&amp;ssl=1\" data-orig-size=\"600,400\" data-comments-opened=\"0\" data-image-meta=\"{&quot;aperture&quot;:&quot;5.6&quot;,&quot;credit&quot;:&quot;&quot;,&quot;camera&quot;:&quot;Canon EOS 1100D&quot;,&quot;caption&quot;:&quot;&quot;,&quot;created_timestamp&quot;:&quot;1397633656&quot;,&quot;copyright&quot;:&quot;&quot;,&quot;focal_length&quot;:&quot;74&quot;,&quot;iso&quot;:&quot;500&quot;,&quot;shutter_speed&quot;:&quot;0.008&quot;,&quot;title&quot;:&quot;&quot;,&quot;orientation&quot;:&quot;1&quot;}\" data-image-title=\"IMG_2438\" data-image-description=\"\" data-image-caption=\"\" data-large-file=\"https:\/\/i0.wp.com\/www.h\u00fctti.de\/Kerspenhausen\/wp-content\/uploads\/2019\/01\/IMG_2438.jpg?fit=584%2C389&amp;ssl=1\" role=\"button\" tabindex=\"0\" aria-label=\"Bild\u00a06 von 16 im Vollbildmodus \u00f6ffnen\" srcset=\"https:\/\/i0.wp.com\/www.xn--htti-0ra.de\/Kerspenhausen\/wp-content\/uploads\/2019\/01\/IMG_2438.jpg?strip=info&#038;w=600&#038;ssl=1 600w\" alt=\"\" data-height=\"400\" data-id=\"4192\" data-link=\"https:\/\/www.h\u00fctti.de\/Kerspenhausen\/landschaft\/im-sommer\/img_2438-2\/\" data-url=\"https:\/\/www.h\u00fctti.de\/Kerspenhausen\/wp-content\/uploads\/2019\/01\/IMG_2438.jpg\" data-width=\"600\" src=\"https:\/\/i0.wp.com\/www.xn--htti-0ra.de\/Kerspenhausen\/wp-content\/uploads\/2019\/01\/IMG_2438.jpg?ssl=1\" data-amp-layout=\"responsive\"\/><\/figure><\/div><\/div><div class=\"tiled-gallery__row\"><div class=\"tiled-gallery__col\" style=\"flex-basis:33.16611%\"><figure class=\"tiled-gallery__item\"><img decoding=\"async\" data-attachment-id=\"4194\" data-permalink=\"https:\/\/www.h\u00fctti.de\/Kerspenhausen\/landschaft\/im-sommer\/img_2997-2\/\" data-orig-file=\"https:\/\/i0.wp.com\/www.h\u00fctti.de\/Kerspenhausen\/wp-content\/uploads\/2019\/01\/IMG_2997.jpg?fit=600%2C400&amp;ssl=1\" data-orig-size=\"600,400\" data-comments-opened=\"0\" data-image-meta=\"{&quot;aperture&quot;:&quot;29&quot;,&quot;credit&quot;:&quot;&quot;,&quot;camera&quot;:&quot;Canon EOS 1100D&quot;,&quot;caption&quot;:&quot;&quot;,&quot;created_timestamp&quot;:&quot;1398251836&quot;,&quot;copyright&quot;:&quot;&quot;,&quot;focal_length&quot;:&quot;72&quot;,&quot;iso&quot;:&quot;400&quot;,&quot;shutter_speed&quot;:&quot;0.01&quot;,&quot;title&quot;:&quot;&quot;,&quot;orientation&quot;:&quot;1&quot;}\" data-image-title=\"IMG_2997\" data-image-description=\"\" data-image-caption=\"\" data-large-file=\"https:\/\/i0.wp.com\/www.h\u00fctti.de\/Kerspenhausen\/wp-content\/uploads\/2019\/01\/IMG_2997.jpg?fit=584%2C389&amp;ssl=1\" role=\"button\" tabindex=\"0\" aria-label=\"Bild\u00a07 von 16 im Vollbildmodus \u00f6ffnen\" srcset=\"https:\/\/i0.wp.com\/www.xn--htti-0ra.de\/Kerspenhausen\/wp-content\/uploads\/2019\/01\/IMG_2997.jpg?strip=info&#038;w=600&#038;ssl=1 600w\" alt=\"\" data-height=\"400\" data-id=\"4194\" data-link=\"https:\/\/www.h\u00fctti.de\/Kerspenhausen\/landschaft\/im-sommer\/img_2997-2\/\" data-url=\"https:\/\/www.h\u00fctti.de\/Kerspenhausen\/wp-content\/uploads\/2019\/01\/IMG_2997.jpg\" data-width=\"600\" src=\"https:\/\/i0.wp.com\/www.xn--htti-0ra.de\/Kerspenhausen\/wp-content\/uploads\/2019\/01\/IMG_2997.jpg?ssl=1\" data-amp-layout=\"responsive\"\/><\/figure><figure class=\"tiled-gallery__item\"><img decoding=\"async\" data-attachment-id=\"4195\" data-permalink=\"https:\/\/www.h\u00fctti.de\/Kerspenhausen\/landschaft\/im-sommer\/img_3030-2\/\" data-orig-file=\"https:\/\/i0.wp.com\/www.h\u00fctti.de\/Kerspenhausen\/wp-content\/uploads\/2019\/01\/IMG_3030.jpg?fit=600%2C400&amp;ssl=1\" data-orig-size=\"600,400\" data-comments-opened=\"0\" data-image-meta=\"{&quot;aperture&quot;:&quot;5.6&quot;,&quot;credit&quot;:&quot;&quot;,&quot;camera&quot;:&quot;Canon EOS 1100D&quot;,&quot;caption&quot;:&quot;&quot;,&quot;created_timestamp&quot;:&quot;1398252836&quot;,&quot;copyright&quot;:&quot;&quot;,&quot;focal_length&quot;:&quot;76&quot;,&quot;iso&quot;:&quot;100&quot;,&quot;shutter_speed&quot;:&quot;0.002&quot;,&quot;title&quot;:&quot;&quot;,&quot;orientation&quot;:&quot;1&quot;}\" data-image-title=\"IMG_3030\" data-image-description=\"\" data-image-caption=\"\" data-large-file=\"https:\/\/i0.wp.com\/www.h\u00fctti.de\/Kerspenhausen\/wp-content\/uploads\/2019\/01\/IMG_3030.jpg?fit=584%2C389&amp;ssl=1\" role=\"button\" tabindex=\"0\" aria-label=\"Bild\u00a08 von 16 im Vollbildmodus \u00f6ffnen\" srcset=\"https:\/\/i0.wp.com\/www.xn--htti-0ra.de\/Kerspenhausen\/wp-content\/uploads\/2019\/01\/IMG_3030.jpg?strip=info&#038;w=600&#038;ssl=1 600w\" alt=\"\" data-height=\"400\" data-id=\"4195\" data-link=\"https:\/\/www.h\u00fctti.de\/Kerspenhausen\/landschaft\/im-sommer\/img_3030-2\/\" data-url=\"https:\/\/www.h\u00fctti.de\/Kerspenhausen\/wp-content\/uploads\/2019\/01\/IMG_3030.jpg\" data-width=\"600\" src=\"https:\/\/i0.wp.com\/www.xn--htti-0ra.de\/Kerspenhausen\/wp-content\/uploads\/2019\/01\/IMG_3030.jpg?ssl=1\" data-amp-layout=\"responsive\"\/><\/figure><\/div><div class=\"tiled-gallery__col\" style=\"flex-basis:66.83389%\"><figure class=\"tiled-gallery__item\"><img decoding=\"async\" data-attachment-id=\"4214\" data-permalink=\"https:\/\/www.h\u00fctti.de\/Kerspenhausen\/landschaft\/im-sommer\/img_7335-2\/\" data-orig-file=\"https:\/\/i0.wp.com\/www.h\u00fctti.de\/Kerspenhausen\/wp-content\/uploads\/2019\/01\/IMG_7335-1.jpg?fit=600%2C400&amp;ssl=1\" data-orig-size=\"600,400\" data-comments-opened=\"0\" data-image-meta=\"{&quot;aperture&quot;:&quot;4.5&quot;,&quot;credit&quot;:&quot;&quot;,&quot;camera&quot;:&quot;Canon EOS 500D&quot;,&quot;caption&quot;:&quot;&quot;,&quot;created_timestamp&quot;:&quot;1527705306&quot;,&quot;copyright&quot;:&quot;Copyright: Niklas Funke&quot;,&quot;focal_length&quot;:&quot;35&quot;,&quot;iso&quot;:&quot;400&quot;,&quot;shutter_speed&quot;:&quot;0.0125&quot;,&quot;title&quot;:&quot;&quot;,&quot;orientation&quot;:&quot;1&quot;}\" data-image-title=\"IMG_7335\" data-image-description=\"\" data-image-caption=\"\" data-large-file=\"https:\/\/i0.wp.com\/www.h\u00fctti.de\/Kerspenhausen\/wp-content\/uploads\/2019\/01\/IMG_7335-1.jpg?fit=584%2C389&amp;ssl=1\" role=\"button\" tabindex=\"0\" aria-label=\"Bild\u00a09 von 16 im Vollbildmodus \u00f6ffnen\" srcset=\"https:\/\/i0.wp.com\/www.xn--htti-0ra.de\/Kerspenhausen\/wp-content\/uploads\/2019\/01\/IMG_7335-1.jpg?strip=info&#038;w=600&#038;ssl=1 600w\" alt=\"\" data-height=\"400\" data-id=\"4214\" data-link=\"https:\/\/www.h\u00fctti.de\/Kerspenhausen\/landschaft\/im-sommer\/img_7335-2\/\" data-url=\"https:\/\/www.h\u00fctti.de\/Kerspenhausen\/wp-content\/uploads\/2019\/01\/IMG_7335-1.jpg\" data-width=\"600\" src=\"https:\/\/i0.wp.com\/www.xn--htti-0ra.de\/Kerspenhausen\/wp-content\/uploads\/2019\/01\/IMG_7335-1.jpg?ssl=1\" data-amp-layout=\"responsive\"\/><\/figure><\/div><\/div><div class=\"tiled-gallery__row\"><div class=\"tiled-gallery__col\" style=\"flex-basis:50.00000%\"><figure class=\"tiled-gallery__item\"><img decoding=\"async\" data-attachment-id=\"4215\" data-permalink=\"https:\/\/www.h\u00fctti.de\/Kerspenhausen\/landschaft\/im-sommer\/img_7553-2\/\" data-orig-file=\"https:\/\/i0.wp.com\/www.h\u00fctti.de\/Kerspenhausen\/wp-content\/uploads\/2019\/01\/IMG_7553-1.jpg?fit=600%2C400&amp;ssl=1\" data-orig-size=\"600,400\" data-comments-opened=\"0\" data-image-meta=\"{&quot;aperture&quot;:&quot;6.3&quot;,&quot;credit&quot;:&quot;&quot;,&quot;camera&quot;:&quot;Canon EOS 500D&quot;,&quot;caption&quot;:&quot;&quot;,&quot;created_timestamp&quot;:&quot;1529310891&quot;,&quot;copyright&quot;:&quot;Copyright: Niklas Funke&quot;,&quot;focal_length&quot;:&quot;35&quot;,&quot;iso&quot;:&quot;400&quot;,&quot;shutter_speed&quot;:&quot;0.0015625&quot;,&quot;title&quot;:&quot;&quot;,&quot;orientation&quot;:&quot;1&quot;}\" data-image-title=\"IMG_7553\" data-image-description=\"\" data-image-caption=\"\" data-large-file=\"https:\/\/i0.wp.com\/www.h\u00fctti.de\/Kerspenhausen\/wp-content\/uploads\/2019\/01\/IMG_7553-1.jpg?fit=584%2C389&amp;ssl=1\" role=\"button\" tabindex=\"0\" aria-label=\"Bild\u00a010 von 16 im Vollbildmodus \u00f6ffnen\" srcset=\"https:\/\/i0.wp.com\/www.xn--htti-0ra.de\/Kerspenhausen\/wp-content\/uploads\/2019\/01\/IMG_7553-1.jpg?strip=info&#038;w=600&#038;ssl=1 600w\" alt=\"\" data-height=\"400\" data-id=\"4215\" data-link=\"https:\/\/www.h\u00fctti.de\/Kerspenhausen\/landschaft\/im-sommer\/img_7553-2\/\" data-url=\"https:\/\/www.h\u00fctti.de\/Kerspenhausen\/wp-content\/uploads\/2019\/01\/IMG_7553-1.jpg\" data-width=\"600\" src=\"https:\/\/i0.wp.com\/www.xn--htti-0ra.de\/Kerspenhausen\/wp-content\/uploads\/2019\/01\/IMG_7553-1.jpg?ssl=1\" data-amp-layout=\"responsive\"\/><\/figure><\/div><div class=\"tiled-gallery__col\" style=\"flex-basis:50.00000%\"><figure class=\"tiled-gallery__item\"><img decoding=\"async\" data-attachment-id=\"4216\" data-permalink=\"https:\/\/www.h\u00fctti.de\/Kerspenhausen\/landschaft\/im-sommer\/img_7827-2\/\" data-orig-file=\"https:\/\/i0.wp.com\/www.h\u00fctti.de\/Kerspenhausen\/wp-content\/uploads\/2019\/01\/IMG_7827-1.jpg?fit=600%2C400&amp;ssl=1\" data-orig-size=\"600,400\" data-comments-opened=\"0\" data-image-meta=\"{&quot;aperture&quot;:&quot;4&quot;,&quot;credit&quot;:&quot;&quot;,&quot;camera&quot;:&quot;Canon EOS 500D&quot;,&quot;caption&quot;:&quot;&quot;,&quot;created_timestamp&quot;:&quot;1531754500&quot;,&quot;copyright&quot;:&quot;Copyright: Niklas Funke&quot;,&quot;focal_length&quot;:&quot;35&quot;,&quot;iso&quot;:&quot;100&quot;,&quot;shutter_speed&quot;:&quot;0.0004&quot;,&quot;title&quot;:&quot;&quot;,&quot;orientation&quot;:&quot;1&quot;}\" data-image-title=\"IMG_7827\" data-image-description=\"\" data-image-caption=\"\" data-large-file=\"https:\/\/i0.wp.com\/www.h\u00fctti.de\/Kerspenhausen\/wp-content\/uploads\/2019\/01\/IMG_7827-1.jpg?fit=584%2C389&amp;ssl=1\" role=\"button\" tabindex=\"0\" aria-label=\"Bild\u00a011 von 16 im Vollbildmodus \u00f6ffnen\" srcset=\"https:\/\/i0.wp.com\/www.xn--htti-0ra.de\/Kerspenhausen\/wp-content\/uploads\/2019\/01\/IMG_7827-1.jpg?strip=info&#038;w=600&#038;ssl=1 600w\" alt=\"\" data-height=\"400\" data-id=\"4216\" data-link=\"https:\/\/www.h\u00fctti.de\/Kerspenhausen\/landschaft\/im-sommer\/img_7827-2\/\" data-url=\"https:\/\/www.h\u00fctti.de\/Kerspenhausen\/wp-content\/uploads\/2019\/01\/IMG_7827-1.jpg\" data-width=\"600\" src=\"https:\/\/i0.wp.com\/www.xn--htti-0ra.de\/Kerspenhausen\/wp-content\/uploads\/2019\/01\/IMG_7827-1.jpg?ssl=1\" data-amp-layout=\"responsive\"\/><\/figure><\/div><\/div><div class=\"tiled-gallery__row\"><div class=\"tiled-gallery__col\" style=\"flex-basis:66.83389%\"><figure class=\"tiled-gallery__item\"><img decoding=\"async\" data-attachment-id=\"4218\" data-permalink=\"https:\/\/www.h\u00fctti.de\/Kerspenhausen\/landschaft\/im-sommer\/img_8409-2\/\" data-orig-file=\"https:\/\/i0.wp.com\/www.h\u00fctti.de\/Kerspenhausen\/wp-content\/uploads\/2019\/01\/IMG_8409-1.jpg?fit=600%2C400&amp;ssl=1\" data-orig-size=\"600,400\" data-comments-opened=\"0\" data-image-meta=\"{&quot;aperture&quot;:&quot;4.5&quot;,&quot;credit&quot;:&quot;&quot;,&quot;camera&quot;:&quot;Canon EOS 500D&quot;,&quot;caption&quot;:&quot;&quot;,&quot;created_timestamp&quot;:&quot;1534593759&quot;,&quot;copyright&quot;:&quot;Copyright: Niklas Funke&quot;,&quot;focal_length&quot;:&quot;35&quot;,&quot;iso&quot;:&quot;320&quot;,&quot;shutter_speed&quot;:&quot;0.02&quot;,&quot;title&quot;:&quot;&quot;,&quot;orientation&quot;:&quot;1&quot;}\" data-image-title=\"IMG_8409\" data-image-description=\"\" data-image-caption=\"\" data-large-file=\"https:\/\/i0.wp.com\/www.h\u00fctti.de\/Kerspenhausen\/wp-content\/uploads\/2019\/01\/IMG_8409-1.jpg?fit=584%2C389&amp;ssl=1\" role=\"button\" tabindex=\"0\" aria-label=\"Bild\u00a012 von 16 im Vollbildmodus \u00f6ffnen\" srcset=\"https:\/\/i0.wp.com\/www.xn--htti-0ra.de\/Kerspenhausen\/wp-content\/uploads\/2019\/01\/IMG_8409-1.jpg?strip=info&#038;w=600&#038;ssl=1 600w\" alt=\"\" data-height=\"400\" data-id=\"4218\" data-link=\"https:\/\/www.h\u00fctti.de\/Kerspenhausen\/landschaft\/im-sommer\/img_8409-2\/\" data-url=\"https:\/\/www.h\u00fctti.de\/Kerspenhausen\/wp-content\/uploads\/2019\/01\/IMG_8409-1.jpg\" data-width=\"600\" src=\"https:\/\/i0.wp.com\/www.xn--htti-0ra.de\/Kerspenhausen\/wp-content\/uploads\/2019\/01\/IMG_8409-1.jpg?ssl=1\" data-amp-layout=\"responsive\"\/><\/figure><\/div><div class=\"tiled-gallery__col\" style=\"flex-basis:33.16611%\"><figure class=\"tiled-gallery__item\"><img decoding=\"async\" data-attachment-id=\"4219\" data-permalink=\"https:\/\/www.h\u00fctti.de\/Kerspenhausen\/landschaft\/im-sommer\/img_8551-2\/\" data-orig-file=\"https:\/\/i0.wp.com\/www.h\u00fctti.de\/Kerspenhausen\/wp-content\/uploads\/2019\/01\/IMG_8551-1.jpg?fit=600%2C400&amp;ssl=1\" data-orig-size=\"600,400\" data-comments-opened=\"0\" data-image-meta=\"{&quot;aperture&quot;:&quot;5&quot;,&quot;credit&quot;:&quot;&quot;,&quot;camera&quot;:&quot;Canon EOS 500D&quot;,&quot;caption&quot;:&quot;&quot;,&quot;created_timestamp&quot;:&quot;1535037712&quot;,&quot;copyright&quot;:&quot;Copyright: Niklas Funke&quot;,&quot;focal_length&quot;:&quot;50&quot;,&quot;iso&quot;:&quot;100&quot;,&quot;shutter_speed&quot;:&quot;0.004&quot;,&quot;title&quot;:&quot;&quot;,&quot;orientation&quot;:&quot;1&quot;}\" data-image-title=\"IMG_8551\" data-image-description=\"\" data-image-caption=\"\" data-large-file=\"https:\/\/i0.wp.com\/www.h\u00fctti.de\/Kerspenhausen\/wp-content\/uploads\/2019\/01\/IMG_8551-1.jpg?fit=584%2C389&amp;ssl=1\" role=\"button\" tabindex=\"0\" aria-label=\"Bild\u00a013 von 16 im Vollbildmodus \u00f6ffnen\" srcset=\"https:\/\/i0.wp.com\/www.xn--htti-0ra.de\/Kerspenhausen\/wp-content\/uploads\/2019\/01\/IMG_8551-1.jpg?strip=info&#038;w=600&#038;ssl=1 600w\" alt=\"\" data-height=\"400\" data-id=\"4219\" data-link=\"https:\/\/www.h\u00fctti.de\/Kerspenhausen\/landschaft\/im-sommer\/img_8551-2\/\" data-url=\"https:\/\/www.h\u00fctti.de\/Kerspenhausen\/wp-content\/uploads\/2019\/01\/IMG_8551-1.jpg\" data-width=\"600\" src=\"https:\/\/i0.wp.com\/www.xn--htti-0ra.de\/Kerspenhausen\/wp-content\/uploads\/2019\/01\/IMG_8551-1.jpg?ssl=1\" data-amp-layout=\"responsive\"\/><\/figure><figure class=\"tiled-gallery__item\"><img decoding=\"async\" data-attachment-id=\"4220\" data-permalink=\"https:\/\/www.h\u00fctti.de\/Kerspenhausen\/landschaft\/im-sommer\/img_6743-3\/\" data-orig-file=\"https:\/\/i0.wp.com\/www.h\u00fctti.de\/Kerspenhausen\/wp-content\/uploads\/2019\/01\/IMG_6743-1.jpg?fit=600%2C400&amp;ssl=1\" data-orig-size=\"600,400\" data-comments-opened=\"0\" data-image-meta=\"{&quot;aperture&quot;:&quot;5.6&quot;,&quot;credit&quot;:&quot;&quot;,&quot;camera&quot;:&quot;Canon EOS 500D&quot;,&quot;caption&quot;:&quot;&quot;,&quot;created_timestamp&quot;:&quot;1525190917&quot;,&quot;copyright&quot;:&quot;Copyright: Niklas Funke&quot;,&quot;focal_length&quot;:&quot;35&quot;,&quot;iso&quot;:&quot;100&quot;,&quot;shutter_speed&quot;:&quot;0.002&quot;,&quot;title&quot;:&quot;&quot;,&quot;orientation&quot;:&quot;1&quot;}\" data-image-title=\"IMG_6743\" data-image-description=\"\" data-image-caption=\"\" data-large-file=\"https:\/\/i0.wp.com\/www.h\u00fctti.de\/Kerspenhausen\/wp-content\/uploads\/2019\/01\/IMG_6743-1.jpg?fit=584%2C389&amp;ssl=1\" role=\"button\" tabindex=\"0\" aria-label=\"Bild\u00a014 von 16 im Vollbildmodus \u00f6ffnen\" srcset=\"https:\/\/i0.wp.com\/www.xn--htti-0ra.de\/Kerspenhausen\/wp-content\/uploads\/2019\/01\/IMG_6743-1.jpg?strip=info&#038;w=600&#038;ssl=1 600w\" alt=\"\" data-height=\"400\" data-id=\"4220\" data-link=\"https:\/\/www.h\u00fctti.de\/Kerspenhausen\/landschaft\/im-sommer\/img_6743-3\/\" data-url=\"https:\/\/www.h\u00fctti.de\/Kerspenhausen\/wp-content\/uploads\/2019\/01\/IMG_6743-1.jpg\" data-width=\"600\" src=\"https:\/\/i0.wp.com\/www.xn--htti-0ra.de\/Kerspenhausen\/wp-content\/uploads\/2019\/01\/IMG_6743-1.jpg?ssl=1\" data-amp-layout=\"responsive\"\/><\/figure><\/div><\/div><div class=\"tiled-gallery__row\"><div class=\"tiled-gallery__col\" style=\"flex-basis:50.00000%\"><figure class=\"tiled-gallery__item\"><img decoding=\"async\" data-attachment-id=\"4221\" data-permalink=\"https:\/\/www.h\u00fctti.de\/Kerspenhausen\/landschaft\/im-sommer\/img_6790-2\/\" data-orig-file=\"https:\/\/i0.wp.com\/www.h\u00fctti.de\/Kerspenhausen\/wp-content\/uploads\/2019\/01\/IMG_6790-1.jpg?fit=600%2C400&amp;ssl=1\" data-orig-size=\"600,400\" data-comments-opened=\"0\" data-image-meta=\"{&quot;aperture&quot;:&quot;7.1&quot;,&quot;credit&quot;:&quot;&quot;,&quot;camera&quot;:&quot;Canon EOS 500D&quot;,&quot;caption&quot;:&quot;&quot;,&quot;created_timestamp&quot;:&quot;1525192107&quot;,&quot;copyright&quot;:&quot;Copyright: Niklas Funke&quot;,&quot;focal_length&quot;:&quot;35&quot;,&quot;iso&quot;:&quot;400&quot;,&quot;shutter_speed&quot;:&quot;0.004&quot;,&quot;title&quot;:&quot;&quot;,&quot;orientation&quot;:&quot;1&quot;}\" data-image-title=\"IMG_6790\" data-image-description=\"\" data-image-caption=\"\" data-large-file=\"https:\/\/i0.wp.com\/www.h\u00fctti.de\/Kerspenhausen\/wp-content\/uploads\/2019\/01\/IMG_6790-1.jpg?fit=584%2C389&amp;ssl=1\" role=\"button\" tabindex=\"0\" aria-label=\"Bild\u00a015 von 16 im Vollbildmodus \u00f6ffnen\" srcset=\"https:\/\/i0.wp.com\/www.xn--htti-0ra.de\/Kerspenhausen\/wp-content\/uploads\/2019\/01\/IMG_6790-1.jpg?strip=info&#038;w=600&#038;ssl=1 600w\" alt=\"\" data-height=\"400\" data-id=\"4221\" data-link=\"https:\/\/www.h\u00fctti.de\/Kerspenhausen\/landschaft\/im-sommer\/img_6790-2\/\" data-url=\"https:\/\/www.h\u00fctti.de\/Kerspenhausen\/wp-content\/uploads\/2019\/01\/IMG_6790-1.jpg\" data-width=\"600\" src=\"https:\/\/i0.wp.com\/www.xn--htti-0ra.de\/Kerspenhausen\/wp-content\/uploads\/2019\/01\/IMG_6790-1.jpg?ssl=1\" data-amp-layout=\"responsive\"\/><\/figure><\/div><div class=\"tiled-gallery__col\" style=\"flex-basis:50.00000%\"><figure class=\"tiled-gallery__item\"><img decoding=\"async\" data-attachment-id=\"4222\" data-permalink=\"https:\/\/www.h\u00fctti.de\/Kerspenhausen\/landschaft\/im-sommer\/img_7202-3\/\" data-orig-file=\"https:\/\/i0.wp.com\/www.h\u00fctti.de\/Kerspenhausen\/wp-content\/uploads\/2019\/01\/IMG_7202-1.jpg?fit=600%2C400&amp;ssl=1\" data-orig-size=\"600,400\" data-comments-opened=\"0\" data-image-meta=\"{&quot;aperture&quot;:&quot;22&quot;,&quot;credit&quot;:&quot;&quot;,&quot;camera&quot;:&quot;Canon EOS 500D&quot;,&quot;caption&quot;:&quot;&quot;,&quot;created_timestamp&quot;:&quot;1527100816&quot;,&quot;copyright&quot;:&quot;Copyright: Niklas Funke&quot;,&quot;focal_length&quot;:&quot;35&quot;,&quot;iso&quot;:&quot;1600&quot;,&quot;shutter_speed&quot;:&quot;0.04&quot;,&quot;title&quot;:&quot;&quot;,&quot;orientation&quot;:&quot;1&quot;}\" data-image-title=\"IMG_7202\" data-image-description=\"\" data-image-caption=\"\" data-large-file=\"https:\/\/i0.wp.com\/www.h\u00fctti.de\/Kerspenhausen\/wp-content\/uploads\/2019\/01\/IMG_7202-1.jpg?fit=584%2C389&amp;ssl=1\" role=\"button\" tabindex=\"0\" aria-label=\"Bild\u00a016 von 16 im Vollbildmodus \u00f6ffnen\" srcset=\"https:\/\/i0.wp.com\/www.xn--htti-0ra.de\/Kerspenhausen\/wp-content\/uploads\/2019\/01\/IMG_7202-1.jpg?strip=info&#038;w=600&#038;ssl=1 600w\" alt=\"\" data-height=\"400\" data-id=\"4222\" data-link=\"https:\/\/www.h\u00fctti.de\/Kerspenhausen\/landschaft\/im-sommer\/img_7202-3\/\" data-url=\"https:\/\/www.h\u00fctti.de\/Kerspenhausen\/wp-content\/uploads\/2019\/01\/IMG_7202-1.jpg\" data-width=\"600\" src=\"https:\/\/i0.wp.com\/www.xn--htti-0ra.de\/Kerspenhausen\/wp-content\/uploads\/2019\/01\/IMG_7202-1.jpg?ssl=1\" data-amp-layout=\"responsive\"\/><\/figure><\/div><\/div><\/div><\/div><\/div>\n","protected":false},"excerpt":{"rendered":"<p>Auch hier gibt es ein paar alte und neuere Fotos zu sehen.<\/p>\n","protected":false},"author":1,"featured_media":175,"parent":14,"menu_order":2,"comment_status":"closed","ping_status":"closed","template":"showcase.php","meta":{"footnotes":""},"class_list":["post-157","page","type-page","status-publish","has-post-thumbnail","hentry"],"jetpack_shortlink":"https:\/\/wp.me\/P2YPyG-2x","jetpack_sharing_enabled":true,"_links":{"self":[{"href":"https:\/\/www.h\u00fctti.de\/Kerspenhausen\/wp-json\/wp\/v2\/pages\/157","targetHints":{"allow":["GET"]}}],"collection":[{"href":"https:\/\/www.h\u00fctti.de\/Kerspenhausen\/wp-json\/wp\/v2\/pages"}],"about":[{"href":"https:\/\/www.h\u00fctti.de\/Kerspenhausen\/wp-json\/wp\/v2\/types\/page"}],"author":[{"embeddable":true,"href":"https:\/\/www.h\u00fctti.de\/Kerspenhausen\/wp-json\/wp\/v2\/users\/1"}],"replies":[{"embeddable":true,"href":"https:\/\/www.h\u00fctti.de\/Kerspenhausen\/wp-json\/wp\/v2\/comments?post=157"}],"version-history":[{"count":12,"href":"https:\/\/www.h\u00fctti.de\/Kerspenhausen\/wp-json\/wp\/v2\/pages\/157\/revisions"}],"predecessor-version":[{"id":6594,"href":"https:\/\/www.h\u00fctti.de\/Kerspenhausen\/wp-json\/wp\/v2\/pages\/157\/revisions\/6594"}],"up":[{"embeddable":true,"href":"https:\/\/www.h\u00fctti.de\/Kerspenhausen\/wp-json\/wp\/v2\/pages\/14"}],"wp:featuredmedia":[{"embeddable":true,"href":"https:\/\/www.h\u00fctti.de\/Kerspenhausen\/wp-json\/wp\/v2\/media\/175"}],"wp:attachment":[{"href":"https:\/\/www.h\u00fctti.de\/Kerspenhausen\/wp-json\/wp\/v2\/media?parent=157"}],"curies":[{"name":"wp","href":"https:\/\/api.w.org\/{rel}","templated":true}]}}